{"id":15611,"date":"2024-08-24T04:04:31","date_gmt":"2024-08-24T02:04:31","guid":{"rendered":"https:\/\/esiggroupe.com\/?page_id=15611"},"modified":"2024-08-24T06:37:46","modified_gmt":"2024-08-24T04:37:46","slug":"cap-petite-enfance","status":"publish","type":"page","link":"https:\/\/esiggroupe.com\/index.php\/cap-petite-enfance\/","title":{"rendered":"CAP Petite Enfance"},"content":{"rendered":"<p>[vc_row css_animation=&#8221;&#8221; row_type=&#8221;row&#8221; use_row_as_full_screen_section=&#8221;no&#8221; type=&#8221;grid&#8221; angled_section=&#8221;no&#8221; text_align=&#8221;left&#8221; background_image_as_pattern=&#8221;without_pattern&#8221; padding_top=&#8221;87&#8243; background_color=&#8221;#ffffff&#8221; padding_bottom=&#8221;95&#8243;][vc_column][vc_column_text]es titulaires du CAP Accompagnant \u00c9ducatif Petite Enfance sont tr\u00e8s demand\u00e9s dans de nombreuses structures d&#8217;accueil de jeunes enfants, telles que les cr\u00e8ches, les \u00e9coles maternelles, les centres de loisirs, et les garderies. Ce dipl\u00f4me permet une insertion rapide sur le march\u00e9 du travail avec des opportunit\u00e9s d&#8217;\u00e9volution dans le secteur de la petite enfance, notamment en poursuivant des \u00e9tudes compl\u00e9mentaires ou en passant des concours.<\/p>\n<p>Le CAP Accompagnant \u00c9ducatif Petite Enfance constitue une base solide pour ceux qui souhaitent travailler aupr\u00e8s des jeunes enfants, avec de nombreuses possibilit\u00e9s de sp\u00e9cialisation et d&#8217;\u00e9volution professionnelle.[\/vc_column_text][vc_separator type=&#8221;small&#8221; position=&#8221;center&#8221; down=&#8221;38&#8243; up=&#8221;7&#8243;][vc_column_text]<\/p>\n<h4 style=\"text-align: center;\">Le <strong>CAP Petite Enfance<\/strong> (devenu <strong>CAP Accompagnant \u00c9ducatif Petite Enfance<\/strong> depuis 2017) pr\u00e9pare les \u00e9tudiants \u00e0 travailler avec les enfants de 0 \u00e0 6 ans, en les formant aux soins, \u00e0 l&#8217;\u00e9ducation, et \u00e0 l&#8217;accompagnement des jeunes enfants. Voici les d\u00e9bouch\u00e9s professionnels typiques pour un titulaire de ce dipl\u00f4me :<\/h4>\n<p>[\/vc_column_text][vc_separator type=&#8221;transparent&#8221; up=&#8221;62&#8243; down=&#8221;15&#8243;]<div class='q_message  with_icon' style='background-color: #22248e;'><div class='q_message_inner'><div class=\"q_message_icon_holder\"><div class=\"q_message_icon\"><div class=\"q_message_icon_inner\"><img decoding=\"async\" itemprop=\"image\" src=\"https:\/\/esiggroupe.com\/wp-content\/uploads\/2024\/08\/esig-dark.png\" alt=\"\"><\/div><\/div><\/div><a href='#' class='close'><i class='fa fa-times' style=''><\/i><\/a><div class='message_text_holder'><div class='message_text'><div class='message_text_inner'><strong>ATSEM (Agent Territorial Sp\u00e9cialis\u00e9 des \u00c9coles Maternelles)<\/strong><\/p>\n<ul>\n<li>Assistance des enseignants en classe maternelle.<\/li>\n<li>Participation \u00e0 l&#8217;accueil des enfants, pr\u00e9paration des activit\u00e9s, et surveillance des siestes.<\/li>\n<li>Aide \u00e0 la gestion des repas et des temps de r\u00e9cr\u00e9ation.<\/li>\n<\/ul>\n<p><\/div><\/div><\/div><\/div><\/div>[vc_separator type=&#8221;transparent&#8221; up=&#8221;30&#8243; down=&#8221;0&#8243;]<div class='q_message  with_icon' style='background-color: #f1c40f;'><div class='q_message_inner'><div class=\"q_message_icon_holder\"><div class=\"q_message_icon\"><div class=\"q_message_icon_inner\"><img decoding=\"async\" itemprop=\"image\" src=\"https:\/\/esiggroupe.com\/wp-content\/uploads\/2024\/08\/esig-dark.png\" alt=\"\"><\/div><\/div><\/div><a href='#' class='close'><i class='fa fa-times' style=''><\/i><\/a><div class='message_text_holder'><div class='message_text'><div class='message_text_inner'><strong>Auxiliaire de Pu\u00e9riculture<\/strong><\/p>\n<ul>\n<li>Soins aux nourrissons et jeunes enfants dans les cr\u00e8ches, h\u00f4pitaux, ou centres de sant\u00e9.<\/li>\n<li>Participation \u00e0 l&#8217;\u00e9veil des enfants par des jeux et des activit\u00e9s p\u00e9dagogiques.<\/li>\n<li>Surveillance de l&#8217;hygi\u00e8ne et de la s\u00e9curit\u00e9 des enfants.<\/li>\n<\/ul>\n<p><\/div><\/div><\/div><\/div><\/div>[vc_separator type=&#8221;transparent&#8221; up=&#8221;30&#8243; down=&#8221;0&#8243;]<div class='q_message  with_icon' style='background-color: #2ecc71;'><div class='q_message_inner'><div class=\"q_message_icon_holder\"><div class=\"q_message_icon\"><div class=\"q_message_icon_inner\"><img decoding=\"async\" itemprop=\"image\" src=\"https:\/\/esiggroupe.com\/wp-content\/uploads\/2024\/08\/esig-dark.png\" alt=\"\"><\/div><\/div><\/div><a href='#' class='close'><i class='fa fa-times' style=''><\/i><\/a><div class='message_text_holder'><div class='message_text'><div class='message_text_inner'><strong>Animateur(trice) Petite Enfance<\/strong><\/p>\n<ul>\n<li>Organisation et animation d&#8217;activit\u00e9s \u00e9ducatives et ludiques pour les enfants dans les centres de loisirs, clubs de vacances, ou garderies.<\/li>\n<li>Encadrement des enfants pendant les sorties et les activit\u00e9s en ext\u00e9rieur.<\/li>\n<li>Participation \u00e0 la mise en place de projets p\u00e9dagogiques adapt\u00e9s \u00e0 l&#8217;\u00e2ge des enfants.<\/li>\n<\/ul>\n<p><\/div><\/div><\/div><\/div><\/div>[vc_separator type=&#8221;transparent&#8221; up=&#8221;30&#8243; down=&#8221;0&#8243;]<div class='q_message  with_icon' style='background-color: #bf3144;'><div class='q_message_inner'><div class=\"q_message_icon_holder\"><div class=\"q_message_icon\"><div class=\"q_message_icon_inner\"><img decoding=\"async\" itemprop=\"image\" src=\"https:\/\/esiggroupe.com\/wp-content\/uploads\/2024\/08\/esig-dark.png\" alt=\"\"><\/div><\/div><\/div><a href='#' class='close'><i class='fa fa-times' style=''><\/i><\/a><div class='message_text_holder'><div class='message_text'><div class='message_text_inner'><strong>Assistant(e) Maternel(le)<\/strong><\/p>\n<ul>\n<li>Accueil et garde d&#8217;enfants \u00e0 domicile, en assurant leur s\u00e9curit\u00e9 et leur bien-\u00eatre.<\/li>\n<li>Mise en place d&#8217;activit\u00e9s d&#8217;\u00e9veil, aide \u00e0 l&#8217;apprentissage de l&#8217;autonomie (toilette, repas).<\/li>\n<li>Collaboration avec les parents pour le suivi du d\u00e9veloppement de l&#8217;enfant.<\/li>\n<\/ul>\n<p><\/div><\/div><\/div><\/div><\/div>[vc_separator type=&#8221;transparent&#8221; up=&#8221;30&#8243; down=&#8221;0&#8243;]<div class='q_message  with_icon' style='background-color: rgba(137,8,120,0.99);'><div class='q_message_inner'><div class=\"q_message_icon_holder\"><div class=\"q_message_icon\"><div class=\"q_message_icon_inner\"><img decoding=\"async\" itemprop=\"image\" src=\"https:\/\/esiggroupe.com\/wp-content\/uploads\/2024\/08\/esig-dark.png\" alt=\"\"><\/div><\/div><\/div><a href='#' class='close'><i class='fa fa-times' style=''><\/i><\/a><div class='message_text_holder'><div class='message_text'><div class='message_text_inner'><strong>Employ\u00e9(e) en Cr\u00e8che ou Halte-garderie<\/strong><\/p>\n<ul>\n<li>Participation aux soins quotidiens des enfants (change, repas, sieste).<\/li>\n<li>Organisation d&#8217;activit\u00e9s ludiques et \u00e9ducatives pour favoriser l&#8217;\u00e9veil des enfants.<\/li>\n<li>Surveillance de l&#8217;\u00e9tat de sant\u00e9 des enfants et signalement de tout probl\u00e8me.<\/li>\n<\/ul>\n<p><\/div><\/div><\/div><\/div><\/div>[vc_separator type=&#8221;transparent&#8221; up=&#8221;30&#8243; down=&#8221;0&#8243;]<div class='q_message  with_icon' style='background-color: #828282;'><div class='q_message_inner'><div class=\"q_message_icon_holder\"><div class=\"q_message_icon\"><div class=\"q_message_icon_inner\"><img decoding=\"async\" itemprop=\"image\" src=\"https:\/\/esiggroupe.com\/wp-content\/uploads\/2024\/08\/esig-dark.png\" alt=\"\"><\/div><\/div><\/div><a href='#' class='close'><i class='fa fa-times' style=''><\/i><\/a><div class='message_text_holder'><div class='message_text'><div class='message_text_inner'><strong>Agent de Service en Structure d&#8217;Accueil Petite Enfance<\/strong><\/p>\n<ul>\n<li>Entretien des locaux et des \u00e9quipements d&#8217;une cr\u00e8che ou d&#8217;une halte-garderie.<\/li>\n<li>Participation \u00e0 l&#8217;organisation des espaces de vie des enfants.<\/li>\n<li>Assistance lors des repas et des activit\u00e9s d&#8217;hygi\u00e8ne.<\/li>\n<\/ul>\n<p><\/div><\/div><\/div><\/div><\/div>[\/vc_column][\/vc_row][vc_row css_animation=&#8221;&#8221; row_type=&#8221;row&#8221; use_row_as_full_screen_section=&#8221;no&#8221; type=&#8221;full_width&#8221; angled_section=&#8221;no&#8221; text_align=&#8221;left&#8221; background_image_as_pattern=&#8221;without_pattern&#8221;][vc_column][\/vc_column][\/vc_row]<\/p>\n","protected":false},"excerpt":{"rendered":"<p>[vc_row css_animation=&#8221;&#8221; row_type=&#8221;row&#8221; use_row_as_full_screen_section=&#8221;no&#8221; type=&#8221;grid&#8221; angled_section=&#8221;no&#8221; text_align=&#8221;left&#8221; background_image_as_pattern=&#8221;without_pattern&#8221; padding_top=&#8221;87&#8243; background_color=&#8221;#ffffff&#8221; padding_bottom=&#8221;95&#8243;][vc_column][vc_column_text]es titulaires du CAP Accompagnant \u00c9ducatif Petite Enfance sont tr\u00e8s demand\u00e9s dans de nombreuses structures d&#8217;accueil de jeunes enfants, telles que les cr\u00e8ches, les \u00e9coles maternelles, les centres de loisirs, et les garderies. Ce dipl\u00f4me&#8230;<\/p>\n","protected":false},"author":1,"featured_media":0,"parent":0,"menu_order":0,"comment_status":"open","ping_status":"closed","template":"full_width.php","meta":{"om_disable_all_campaigns":false,"footnotes":""},"aioseo_notices":[],"_links":{"self":[{"href":"https:\/\/esiggroupe.com\/index.php\/wp-json\/wp\/v2\/pages\/15611"}],"collection":[{"href":"https:\/\/esiggroupe.com\/index.php\/wp-json\/wp\/v2\/pages"}],"about":[{"href":"https:\/\/esiggroupe.com\/index.php\/wp-json\/wp\/v2\/types\/page"}],"author":[{"embeddable":true,"href":"https:\/\/esiggroupe.com\/index.php\/wp-json\/wp\/v2\/users\/1"}],"replies":[{"embeddable":true,"href":"https:\/\/esiggroupe.com\/index.php\/wp-json\/wp\/v2\/comments?post=15611"}],"version-history":[{"count":3,"href":"https:\/\/esiggroupe.com\/index.php\/wp-json\/wp\/v2\/pages\/15611\/revisions"}],"predecessor-version":[{"id":15636,"href":"https:\/\/esiggroupe.com\/index.php\/wp-json\/wp\/v2\/pages\/15611\/revisions\/15636"}],"wp:attachment":[{"href":"https:\/\/esiggroupe.com\/index.php\/wp-json\/wp\/v2\/media?parent=15611"}],"curies":[{"name":"wp","href":"https:\/\/api.w.org\/{rel}","templated":true}]}}