{"id":15822,"date":"2024-08-27T05:41:13","date_gmt":"2024-08-27T03:41:13","guid":{"rendered":"https:\/\/esiggroupe.com\/?page_id=15822"},"modified":"2024-08-29T04:28:13","modified_gmt":"2024-08-29T02:28:13","slug":"esig-nouadhibou","status":"publish","type":"page","link":"https:\/\/esiggroupe.com\/index.php\/esig-nouadhibou\/","title":{"rendered":"ESIG NOUADHIBOU"},"content":{"rendered":"<p>[vc_row css_animation=&#8221;&#8221; row_type=&#8221;row&#8221; use_row_as_full_screen_section=&#8221;no&#8221; type=&#8221;full_width&#8221; angled_section=&#8221;no&#8221; text_align=&#8221;left&#8221; background_image_as_pattern=&#8221;without_pattern&#8221; padding_bottom=&#8221;78&#8243; padding_top=&#8221;20&#8243;][vc_column width=&#8221;1\/2&#8243;][vc_single_image image=&#8221;15893&#8243; img_size=&#8221;full&#8221; qode_css_animation=&#8221;&#8221;][vc_separator type=&#8221;transparent&#8221; up=&#8221;20&#8243; down=&#8221;20&#8243;][\/vc_column][vc_column width=&#8221;1\/2&#8243;][vc_column_text]<\/p>\n<h5>NOTRE VISION<\/h5>\n<p>[\/vc_column_text][vc_separator type=&#8221;small&#8221; position=&#8221;left&#8221; up=&#8221;16&#8243; down=&#8221;12&#8243;][vc_column_text]Ch\u00e8res populations de la r\u00e9gion de Nouadhibou,<\/p>\n<p>Apr\u00e8s nos succ\u00e8s remarquables \u00e0 Nouakchott, ESIG est fi\u00e8re d&#8217;annoncer l&#8217;ouverture de sa succursale \u00e0 Nouadhibou! Nous vous invitons \u00e0 venir vous inscrire et \u00e0 b\u00e9n\u00e9ficier d&#8217;une formation de qualit\u00e9, d\u00e9sormais \u00e0 port\u00e9e de main. Profitez de l&#8217;excellence acad\u00e9mique qui a fait notre r\u00e9putation \u00e0 Nouakchott, tout en restant proche de vos proches et du cadre agr\u00e9able qu&#8217;offre Nouadhibou. Que vous souhaitiez vous former en gestion, en informatique, ou dans le param\u00e9dical, ESIG Nouadhibou est l\u00e0 pour vous accompagner dans votre parcours vers la r\u00e9ussite. Ne manquez pas cette opportunit\u00e9 de vous \u00e9panouir professionnellement sans quitter votre r\u00e9gion![\/vc_column_text][vc_separator type=&#8221;transparent&#8221; up=&#8221;5&#8243; down=&#8221;5&#8243;][\/vc_column][\/vc_row][vc_row css_animation=&#8221;&#8221; row_type=&#8221;row&#8221; use_row_as_full_screen_section=&#8221;no&#8221; type=&#8221;full_width&#8221; angled_section=&#8221;no&#8221; text_align=&#8221;left&#8221; background_image_as_pattern=&#8221;without_pattern&#8221; padding_bottom=&#8221;93&#8243;][vc_column width=&#8221;1\/2&#8243;][vc_column_text]<\/p>\n<h5>NOS VALEURS<\/h5>\n<p>[\/vc_column_text][vc_separator type=&#8221;small&#8221; position=&#8221;left&#8221; up=&#8221;16&#8243; down=&#8221;12&#8243;][vc_column_text]<\/p>\n<div class=\"wpb_text_column wpb_content_element \">\n<div class=\"wpb_wrapper\">\n<h5>NOS VALEURS<\/h5>\n<\/div>\n<\/div>\n<div class=\"separator small left \"><\/div>\n<div class=\"wpb_text_column wpb_content_element \">\n<div class=\"wpb_wrapper\">\n<p>Les valeurs qui guident notre \u00e9cole de formation professionnelle depuis six ans reposent sur l\u2019excellence, l\u2019int\u00e9grit\u00e9 et l\u2019innovation. Nous croyons en une \u00e9ducation de qualit\u00e9 qui transforme nos \u00e9tudiants en leaders comp\u00e9tents et responsables dans les domaines de la gestion, de l\u2019informatique et du param\u00e9dical. Le respect, l\u2019engagement et la solidarit\u00e9 sont au c\u0153ur de notre approche p\u00e9dagogique, car nous visons \u00e0 former des professionnels \u00e9thiques et d\u00e9vou\u00e9s. Notre \u00e9cole valorise \u00e9galement l\u2019adaptabilit\u00e9 et l\u2019esprit d\u2019\u00e9quipe, pr\u00e9parant ainsi nos \u00e9tudiants \u00e0 exceller dans un environnement professionnel en constante \u00e9volution<\/p>\n<\/div>\n<\/div>\n<p>[\/vc_column_text][vc_separator type=&#8221;transparent&#8221; up=&#8221;5&#8243; down=&#8221;5&#8243;][vc_separator type=&#8221;transparent&#8221; down=&#8221;20&#8243;][\/vc_column][vc_column width=&#8221;1\/2&#8243;][vc_single_image image=&#8221;15937&#8243; img_size=&#8221;full&#8221; qode_css_animation=&#8221;&#8221;][\/vc_column][\/vc_row][vc_row css_animation=&#8221;&#8221; row_type=&#8221;row&#8221; use_row_as_full_screen_section=&#8221;no&#8221; type=&#8221;full_width&#8221; angled_section=&#8221;no&#8221; text_align=&#8221;left&#8221; background_image_as_pattern=&#8221;without_pattern&#8221; padding_bottom=&#8221;78&#8243;][vc_column width=&#8221;1\/2&#8243;][vc_single_image image=&#8221;15944&#8243; img_size=&#8221;full&#8221; qode_css_animation=&#8221;&#8221;][vc_separator type=&#8221;transparent&#8221; up=&#8221;20&#8243; down=&#8221;20&#8243;][\/vc_column][vc_column width=&#8221;1\/2&#8243;][vc_column_text]<\/p>\n<h5>NOS RESULTATS A NOUAKCHOTT<\/h5>\n<p>[\/vc_column_text][vc_separator type=&#8221;small&#8221; position=&#8221;left&#8221; up=&#8221;16&#8243; down=&#8221;12&#8243;][vc_column_text]<\/p>\n<div class=\"wpb_text_column wpb_content_element \">\n<div class=\"wpb_wrapper\">\n<h5><strong>NOS RESULTATS<\/strong><\/h5>\n<\/div>\n<\/div>\n<div class=\"separator small left \"><\/div>\n<div class=\"wpb_text_column wpb_content_element \">\n<div class=\"wpb_wrapper\">\n<p>Depuis sa cr\u00e9ation, notre \u00e9cole de formation professionnelle s\u2019est distingu\u00e9e par des r\u00e9sultats exceptionnels aux concours d\u2019\u00c9tat en Mauritanie. Nous sommes fiers d\u2019\u00eatre la premi\u00e8re \u00e9cole \u00e0 afficher un taux de r\u00e9ussite de 100% chaque ann\u00e9e, une performance in\u00e9gal\u00e9e qui t\u00e9moigne de la qualit\u00e9 de notre enseignement. De plus, nos \u00e9tudiants se hissent r\u00e9guli\u00e8rement au sommet, avec au moins un major chaque ann\u00e9e, confirmant notre position de leader dans la formation en gestion, informatique, et param\u00e9dical. Ces succ\u00e8s sont le reflet de notre engagement \u00e0 offrir une \u00e9ducation rigoureuse et \u00e0 accompagner nos \u00e9tudiants vers l\u2019excellence.<\/p>\n<\/div>\n<\/div>\n<p>[\/vc_column_text][vc_separator type=&#8221;transparent&#8221; up=&#8221;5&#8243; down=&#8221;5&#8243;][\/vc_column][\/vc_row][vc_row css_animation=&#8221;&#8221; row_type=&#8221;row&#8221; use_row_as_full_screen_section=&#8221;no&#8221; type=&#8221;full_width&#8221; angled_section=&#8221;no&#8221; text_align=&#8221;left&#8221; background_image_as_pattern=&#8221;without_pattern&#8221; padding_bottom=&#8221;95&#8243;][vc_column width=&#8221;1\/2&#8243;][vc_column_text]<\/p>\n<h5>ADRESSE A NOUADHIBOU<\/h5>\n<p>[\/vc_column_text][vc_separator type=&#8221;small&#8221; position=&#8221;left&#8221; up=&#8221;16&#8243; down=&#8221;12&#8243;][vc_column_text]ECOLE DES SCIENCES D\u2019INFORMATIQUE ET DE GESTION<\/p>\n<p>ENTRE DUBAI ET PREMIER ROBINET<\/p>\n<p>TEL +22245298973<\/p>\n<p>watsApp 46468844\/38382880<\/p>\n<p>Email esigndb@esiggroupe.com[\/vc_column_text][vc_separator type=&#8221;transparent&#8221; up=&#8221;5&#8243; down=&#8221;5&#8243;][vc_column_text el_class=&#8221;qode_custom_link&#8221;]<a href=\"#\">Read More<\/a>[\/vc_column_text][vc_separator type=&#8221;transparent&#8221; down=&#8221;20&#8243;][\/vc_column][vc_column width=&#8221;1\/2&#8243;][vc_single_image image=&#8221;15871&#8243; img_size=&#8221;full&#8221; qode_css_animation=&#8221;&#8221;][\/vc_column][\/vc_row]<\/p>\n","protected":false},"excerpt":{"rendered":"<p>[vc_row css_animation=&#8221;&#8221; row_type=&#8221;row&#8221; use_row_as_full_screen_section=&#8221;no&#8221; type=&#8221;full_width&#8221; angled_section=&#8221;no&#8221; text_align=&#8221;left&#8221; background_image_as_pattern=&#8221;without_pattern&#8221; padding_bottom=&#8221;78&#8243; padding_top=&#8221;20&#8243;][vc_column width=&#8221;1\/2&#8243;][vc_single_image image=&#8221;15893&#8243; img_size=&#8221;full&#8221; qode_css_animation=&#8221;&#8221;][vc_separator type=&#8221;transparent&#8221; up=&#8221;20&#8243; down=&#8221;20&#8243;][\/vc_column][vc_column width=&#8221;1\/2&#8243;][vc_column_text] NOTRE VISION [\/vc_column_text][vc_separator type=&#8221;small&#8221; position=&#8221;left&#8221; up=&#8221;16&#8243; down=&#8221;12&#8243;][vc_column_text]Ch\u00e8res populations de la r\u00e9gion de Nouadhibou, Apr\u00e8s nos succ\u00e8s remarquables \u00e0 Nouakchott, ESIG est fi\u00e8re d&#8217;annoncer l&#8217;ouverture de sa succursale&#8230;<\/p>\n","protected":false},"author":1,"featured_media":0,"parent":0,"menu_order":0,"comment_status":"open","ping_status":"open","template":"","meta":{"om_disable_all_campaigns":false,"footnotes":""},"aioseo_notices":[],"_links":{"self":[{"href":"https:\/\/esiggroupe.com\/index.php\/wp-json\/wp\/v2\/pages\/15822"}],"collection":[{"href":"https:\/\/esiggroupe.com\/index.php\/wp-json\/wp\/v2\/pages"}],"about":[{"href":"https:\/\/esiggroupe.com\/index.php\/wp-json\/wp\/v2\/types\/page"}],"author":[{"embeddable":true,"href":"https:\/\/esiggroupe.com\/index.php\/wp-json\/wp\/v2\/users\/1"}],"replies":[{"embeddable":true,"href":"https:\/\/esiggroupe.com\/index.php\/wp-json\/wp\/v2\/comments?post=15822"}],"version-history":[{"count":8,"href":"https:\/\/esiggroupe.com\/index.php\/wp-json\/wp\/v2\/pages\/15822\/revisions"}],"predecessor-version":[{"id":15975,"href":"https:\/\/esiggroupe.com\/index.php\/wp-json\/wp\/v2\/pages\/15822\/revisions\/15975"}],"wp:attachment":[{"href":"https:\/\/esiggroupe.com\/index.php\/wp-json\/wp\/v2\/media?parent=15822"}],"curies":[{"name":"wp","href":"https:\/\/api.w.org\/{rel}","templated":true}]}}